{"id":22659,"date":"2026-04-28T12:43:36","date_gmt":"2026-04-28T10:43:36","guid":{"rendered":"https:\/\/www.cittadellascienza.it\/?post_type=event&#038;p=22659"},"modified":"2026-04-28T12:57:10","modified_gmt":"2026-04-28T10:57:10","slug":"campi-estivi-2026","status":"publish","type":"event","link":"https:\/\/www.cittadellascienza.it\/en\/calendario-eventi\/evento\/campi-estivi-2026\/","title":{"rendered":"Campi Estivi 2026"},"content":{"rendered":"\n<h3 class=\"wp-block-heading has-red-color has-text-color has-link-color wp-elements-8e2608969cc0858217f15f0e353ff357\"><strong>Dal 15 giugno al 31 luglio e dal 31 agosto all\u201911 settembre<\/strong><\/h3>\n\n\n\n<figure class=\"wp-block-image size-large\"><img loading=\"lazy\" decoding=\"async\" width=\"1024\" height=\"576\" src=\"https:\/\/static-www.cittadellascienza.it\/wp-content\/uploads\/2026\/04\/campi-estivi-2026-WEB-1920X1080-02-1024x576.jpg\" alt=\"\" class=\"wp-image-22654\" srcset=\"https:\/\/static-www.cittadellascienza.it\/wp-content\/uploads\/2026\/04\/campi-estivi-2026-WEB-1920X1080-02-1024x576.jpg 1024w, https:\/\/static-www.cittadellascienza.it\/wp-content\/uploads\/2026\/04\/campi-estivi-2026-WEB-1920X1080-02-300x169.jpg 300w, https:\/\/static-www.cittadellascienza.it\/wp-content\/uploads\/2026\/04\/campi-estivi-2026-WEB-1920X1080-02-768x432.jpg 768w, https:\/\/static-www.cittadellascienza.it\/wp-content\/uploads\/2026\/04\/campi-estivi-2026-WEB-1920X1080-02-1536x864.jpg 1536w, https:\/\/static-www.cittadellascienza.it\/wp-content\/uploads\/2026\/04\/campi-estivi-2026-WEB-1920X1080-02-2048x1152.jpg 2048w, https:\/\/static-www.cittadellascienza.it\/wp-content\/uploads\/2026\/04\/campi-estivi-2026-WEB-1920X1080-02-800x450.jpg 800w\" sizes=\"auto, (max-width: 1024px) 100vw, 1024px\" \/><\/figure>\n\n\n\n<p>Dal <strong>15 giugno al 31 luglio <\/strong>e dal <strong>31 agosto<\/strong> <strong>all\u201911 settembre 2026<\/strong> tornano a Napoli i Campi Estivi di Citt\u00e0 della Scienza: nove settimane all\u2019insegna del divertimento, dell\u2019apprendimento e della scoperta, dedicate a bambine e bambini dai 5 agli 11 anni, organizzati in gruppi omogenei per fascia d\u2019et\u00e0.<\/p>\n\n\n\n<p>Un programma ricco, dinamico, divertente ed educativo di attivit\u00e0 ludico-scientifiche in cui bambini e bambine, guidati da animatori scientifici e dallo staff di Citt\u00e0 della Scienza, saranno protagonisti di laboratori interattivi, visite guidate, giochi di movimento, giochi d\u2019acqua e attivit\u00e0 didattiche esperienziali, oltre ad assistere agli spettacoli del planetario. A rendere l\u2019esperienza ancora pi\u00f9 speciale ci sar\u00e0 <strong><em>Aphel<\/em><\/strong>, il robot umanoide del museo: pronto ad accogliere i bambini e le bambine, interagire con loro durante alcuni momenti di animazione e accompagnarli, come guida, nel Museo Interattivo del Corpo Umano.<\/p>\n\n\n\n<p>Un\u2019occasione per vivere l\u2019estate in libert\u00e0 dopo la fine della scuola e prima di partire per le vacanze, continuando a imparare attraverso il gioco, la condivisione e la nascita di nuove amicizie, sviluppando competenze scientifiche in modo naturale e coinvolgente.<\/p>\n\n\n\n<p>I campi estivi si svolgeranno dal luned\u00ec al venerd\u00ec, dalle 8.30 alle 16.00, negli spazi di Citt\u00e0 della Scienza: aree all\u2019aperto, come giardini e stagno, aree laboratoriali climatizzate, con esperienze dedicate nel museo e nel planetario.<\/p>\n\n\n\n<p>Il programma si rinnova ogni settimana con attivit\u00e0 scientifiche, sportive e artistiche differenti, progettate e curate dallo staff di Citt\u00e0 della Scienza anche in collaborazione con esperti del mondo accademico e con enti e associazioni del territorio, per garantire esperienze stimolanti, divertenti e di qualit\u00e0.<\/p>\n\n\n\n<p>Infine, anche per questa edizione torna l\u2019attesissima <strong>NOTTE AL MUSEO<\/strong>, un\u2019esperienza di camping scientifico programmata per il 26 giugno e il 24 luglio, che far\u00e0 vivere a bambini e bambine un\u2019emozione unica, con \u201cesplorazioni notturne\u201d e dormendo in sacco a pelo sotto le stelle del Planetario!<\/p>\n\n\n\n<p>\u2026 un\u2019estate davvero speciale, in un ambiente accogliente, stimolante e ricco di scoperte, dove divertimento e conoscenza camminano assieme!<\/p>\n\n\n\n<hr class=\"wp-block-separator has-text-color has-red-color has-alpha-channel-opacity has-red-background-color has-background\"\/>\n\n\n\n<div style=\"height:36px\" aria-hidden=\"true\" class=\"wp-block-spacer\"><\/div>\n\n\n\n<h3 class=\"wp-block-heading has-red-color has-text-color has-link-color wp-elements-b1218c33ddfe016bf7a3a8a34138af62\"><strong>Costi<\/strong><\/h3>\n\n\n\n<p>La partecipazione al campo estivo ha un costo di:<br>\u00b7 \u20ac 120.00 per bambino per settimana<br>\u00b7 \u20ac 100.00 per bambino per settimana in caso di iscrizione tramite cral convenzionato, pi\u00f9 settimane, fratelli (sconti non cumulabili)<br>\u00b7 \u20ac 30.00 per bambino per la partecipazione ad una singola giornata<\/p>\n\n\n\n<p>Il costo include la partecipazione alle attivit\u00e0 programmate e non include il trasporto, i pasti ed ogni eventuale ulteriore servizio non espressamente indicato.<\/p>\n\n\n\n<p>Possibilit\u00e0, su richiesta, di prenotare il pranzo al sacco presso il ristobar di Citt\u00e0 della Scienza contattabile al WhatsApp <a href=\"tel:3341882275\">3341882275<\/a><\/p>\n\n\n\n<div style=\"height:59px\" aria-hidden=\"true\" class=\"wp-block-spacer\"><\/div>\n\n\n    <section class=\"gblock info_box_selector transparent-bg bg-pos-h-center bg-pos-v-center mb-0\"  aria-labelledby=\"section-1\"><div class=\"container px-0 block_count_1\" data-blockcount=\"1\"><div class=\"row\">    <div class=\"col-12\">\n        <div class=\"container\">\n            <div class=\"row\">\n\n                <div class=\"col-12\">\n                                    <\/div>\n                                <div class=\"col-12\">\n                    \n<h2 class=\"wp-block-heading\" style=\"font-size:28px\"><mark style=\"background-color:rgba(0, 0, 0, 0)\" class=\"has-inline-color has-red-color\">FOR<strong> INFO <\/strong>AND<strong> CONTACTS<\/strong><\/mark><\/h2>\n\n<div class=\"wp-block-columns is-layout-flex wp-container-core-columns-is-layout-28f84493 wp-block-columns-is-layout-flex\">\n<div class=\"wp-block-column is-layout-flow wp-block-column-is-layout-flow\" style=\"flex-basis:33.33%\">\r\n\r\n\r\n    <section class=\"gblock section_title transparent-bg bg-pos-h-center bg-pos-v-center mb-0\"  aria-labelledby=\"section-2\"><div class=\"container px-0 block_count_2\" data-blockcount=\"2\"><div class=\"row\">\r\n\t<div class=\"col-12\">\r\n\t\t<h2 class=\"mb-2 text-start red\" id=\"section-2\">\r\n\t\t\t\t\t\t\t<i class=\"me-2 title-icon red fa-classic fa-solid fa-phone\"><\/i>\r\n\t\t\t\t\t\t<span class=\"\">Phone<\/span>\r\n\t\t<\/h2>\r\n\t<\/div>\r\n\t\t\t<div class=\"col-12 pb-2\">\r\n\t\t\t<div class=\"border-separator\"><\/div>\r\n\t\t<\/div>\r\n\t    <\/div><\/div><\/section>\r\n\n\n\n<p style=\"margin-top:0;margin-bottom:0\"><strong>Info and reservations<\/strong> are available<br\/>the Contact Center at Citt\u00e0 della Scienza:<\/p>\n\n\n\n<p style=\"margin-top:0;margin-bottom:0\"><strong>Tel.<\/strong> <a href=\"tel:081%207352222\">081 7352.222<\/a><br\/><mark style=\"background-color:rgba(0, 0, 0, 0);color:#ffffff\" class=\"has-inline-color\">.<\/mark><\/p>\n\n\n\r\n\r\n\r\n    <section class=\"gblock section_title transparent-bg bg-pos-h-center bg-pos-v-center mb-0\"  aria-labelledby=\"section-3\"><div class=\"container px-0 block_count_3\" data-blockcount=\"3\"><div class=\"row\">\r\n\t<div class=\"col-12\">\r\n\t\t<h2 class=\"mb-2 text-start red\" id=\"section-3\">\r\n\t\t\t\t\t\t\t<i class=\"me-2 title-icon red fa-classic fa-solid fa-at\"><\/i>\r\n\t\t\t\t\t\t<span class=\"\">Mail<\/span>\r\n\t\t<\/h2>\r\n\t<\/div>\r\n\t\t\t<div class=\"col-12 pb-2\">\r\n\t\t\t<div class=\"border-separator\"><\/div>\r\n\t\t<\/div>\r\n\t    <\/div><\/div><\/section>\r\n\n\n\n<p>Email is available <strong>for info and reservations<\/strong>: <strong><a href=\"mailto:contact@cittadellascienza.it\">contact@cittadellascienza.it<\/a><\/strong><\/p>\n<\/div>\n\n\n\n<div class=\"wp-block-column is-layout-flow wp-block-column-is-layout-flow\" style=\"flex-basis:66.66%\">\r\n\r\n\r\n    <section class=\"gblock section_title transparent-bg bg-pos-h-center bg-pos-v-center mb-0\"  aria-labelledby=\"section-4\"><div class=\"container px-0 block_count_4\" data-blockcount=\"4\"><div class=\"row\">\r\n\t<div class=\"col-12\">\r\n\t\t<h2 class=\"mb-2 text-start red\" id=\"section-4\">\r\n\t\t\t\t\t\t\t<i class=\"me-2 title-icon red fa-classic fa-solid fa-ticket\"><\/i>\r\n\t\t\t\t\t\t<span class=\"\">Discounts and conventions<\/span>\r\n\t\t<\/h2>\r\n\t<\/div>\r\n\t\t\t<div class=\"col-12 pb-2\">\r\n\t\t\t<div class=\"border-separator\"><\/div>\r\n\t\t<\/div>\r\n\t    <\/div><\/div><\/section>\r\n\n\n\r\n\r\n    <section class=\"gblock lista_pulsanti transparent-bg bg-pos-h-center bg-pos-v-center mb-0\"  aria-labelledby=\"section-5\"><div class=\"container px-0 block_count_5\" data-blockcount=\"5\"><div class=\"row\">        <div class=\"col-12\">\r\n        <div class=\"row justify-content-start\">\r\n                                                                    <div class=\"col-12 col-md-6 col-lg-6 text-center pb-3\">\r\n                                                <a href=\"https:\/\/www.cittadellascienza.it\/strutture-ricettive-convenzionate\/\" target=\"\"\r\n                            class=\"text-decoration-none buttonbox overflow-hidden row mx-0 position-relative h-100 red-bg style_normal rounded shadow-none\">\r\n                                                                                                                <span class=\"link_label text-decoration-none col text-start align-self-center py-3\">\r\n                                Hotel Conventions                            <\/span>\r\n                                                            <span class=\"col icona text-end align-self-center justify-self-end fa-classic fa-solid fa-up-right-from-square\"><\/span>\r\n                            \r\n                        <\/a>\r\n                    <\/div>\r\n                                                                                    <div class=\"col-12 col-md-6 col-lg-6 text-center pb-3\">\r\n                                                <a href=\"https:\/\/www.cittadellascienza.it\/sconti-e-convenzioni\/\" target=\"\"\r\n                            class=\"text-decoration-none buttonbox overflow-hidden row mx-0 position-relative h-100 red-bg style_normal rounded shadow-none\">\r\n                                                                                                                <span class=\"link_label text-decoration-none col text-start align-self-center py-3\">\r\n                                Discounts and conventions                            <\/span>\r\n                                                            <span class=\"col icona text-end align-self-center justify-self-end fa-classic fa-solid fa-up-right-from-square\"><\/span>\r\n                            \r\n                        <\/a>\r\n                    <\/div>\r\n                                    <\/div>\r\n    <\/div>\r\n\r\n    <\/div><\/div><\/section>\n\n\r\n\r\n\r\n    <section class=\"gblock section_title transparent-bg bg-pos-h-center bg-pos-v-center mb-0\"  aria-labelledby=\"section-6\"><div class=\"container px-0 block_count_6\" data-blockcount=\"6\"><div class=\"row\">\r\n\t<div class=\"col-12\">\r\n\t\t<h2 class=\"mb-2 text-start red\" id=\"section-6\">\r\n\t\t\t\t\t\t\t<i class=\"me-2 title-icon red fa-classic fa-brands fa-square-whatsapp\"><\/i>\r\n\t\t\t\t\t\t<span class=\"\">Whatsapp<\/span>\r\n\t\t<\/h2>\r\n\t<\/div>\r\n\t\t\t<div class=\"col-12 pb-2\">\r\n\t\t\t<div class=\"border-separator\"><\/div>\r\n\t\t<\/div>\r\n\t    <\/div><\/div><\/section>\r\n\n\n\n<p><strong><strong>Whatsapp number:<\/strong><\/strong> 329 463 1667<strong><br\/><\/strong><em>The service operates Monday through Friday from 8:30 a.m. to 5:00 p.m.<\/em><\/p>\n<\/div>\n<\/div>\n\n\n                    <\/divc>\n                <\/div>\n            <\/div>\n        <\/div>\n        <\/div><\/div><\/section>    ","protected":false},"excerpt":{"rendered":"<p>Dal 15 giugno al 31 luglio e dal 31 agosto all\u201911 settembre Dal 15 giugno al 31 luglio e dal 31 agosto all\u201911 settembre 2026 tornano a Napoli i Campi Estivi di Citt\u00e0 della Scienza: nove settimane all\u2019insegna del divertimento, dell\u2019apprendimento e della scoperta, dedicate a bambine e bambini dai 5 agli 11 anni, organizzati [&hellip;]<\/p>\n","protected":false},"author":6,"featured_media":22656,"template":"","meta":{"_acf_changed":true},"event-venue":[33],"event-category":[178],"event-tag":[214],"target":[200],"class_list":["post-22659","event","type-event","status-publish","has-post-thumbnail","hentry","event-venue-citta-della-scienza","event-category-campi-estivi","event-tag-evidenza","target-5-11-anni"],"acf":[],"_links":{"self":[{"href":"https:\/\/www.cittadellascienza.it\/en\/wp-json\/wp\/v2\/event\/22659","targetHints":{"allow":["GET"]}}],"collection":[{"href":"https:\/\/www.cittadellascienza.it\/en\/wp-json\/wp\/v2\/event"}],"about":[{"href":"https:\/\/www.cittadellascienza.it\/en\/wp-json\/wp\/v2\/types\/event"}],"author":[{"embeddable":true,"href":"https:\/\/www.cittadellascienza.it\/en\/wp-json\/wp\/v2\/users\/6"}],"wp:featuredmedia":[{"embeddable":true,"href":"https:\/\/www.cittadellascienza.it\/en\/wp-json\/wp\/v2\/media\/22656"}],"wp:attachment":[{"href":"https:\/\/www.cittadellascienza.it\/en\/wp-json\/wp\/v2\/media?parent=22659"}],"wp:term":[{"taxonomy":"event-venue","embeddable":true,"href":"https:\/\/www.cittadellascienza.it\/en\/wp-json\/wp\/v2\/event-venue?post=22659"},{"taxonomy":"event-category","embeddable":true,"href":"https:\/\/www.cittadellascienza.it\/en\/wp-json\/wp\/v2\/event-category?post=22659"},{"taxonomy":"event-tag","embeddable":true,"href":"https:\/\/www.cittadellascienza.it\/en\/wp-json\/wp\/v2\/event-tag?post=22659"},{"taxonomy":"target","embeddable":true,"href":"https:\/\/www.cittadellascienza.it\/en\/wp-json\/wp\/v2\/target?post=22659"}],"curies":[{"name":"wp","href":"https:\/\/api.w.org\/{rel}","templated":true}]}}